{"id":2036,"date":"2018-06-26T13:01:10","date_gmt":"2018-06-26T11:01:10","guid":{"rendered":"https:\/\/www.darrera.com\/wp\/product\/9100-medidor-campo-electrico-atmosferico-efm-100\/"},"modified":"2023-03-08T19:37:11","modified_gmt":"2023-03-08T18:37:11","slug":"9100-medidor-campo-electrico-atmosferico-efm-100","status":"publish","type":"product","link":"https:\/\/www.darrera.com\/es\/producto\/9100-medidor-campo-electrico-atmosferico-efm-100\/","title":{"rendered":"Medidor de Campo El\u00e9ctrico Atmosf\u00e9rico EFM-100"},"content":{"rendered":"<h3>Anticipaci\u00f3n a los rayos<\/h3>\n<p>EFM-100 se basa en la medici\u00f3n del campo el\u00e9ctrico est\u00e1tico generado por las nubes de tormenta para detectar no s\u00f3lo los rayos cercanos, sino tambi\u00e9n las condiciones atmosf\u00e9ricas que los preceden. Destaca por su alta precisi\u00f3n a corta distancia, ya que se centra en las descargas el\u00e9ctricas que ocurren en un radio de hasta 38 Km, ignorando las m\u00e1s lejanas. El software para Windows incluido permite ver datos y gr\u00e1ficos en tiempo real en un ordenador.<\/p>\n<h3>Dise\u00f1o altamente resistente<\/h3>\n<p>El instrumento est\u00e1 fabricado en aluminio y acero inoxidable para garantizar una alta resistencia a la intemperie. El cable de fibra \u00f3ptica para la conexi\u00f3n al ordenador brinda un excelente aislamiento el\u00e9ctrico.<\/p>\n<p>EFM-100 puede ser montado sobre el tr\u00edpode opcional fabricado en acero galvanizado. La base de cada pata se inclina para permitir su fijaci\u00f3n en ubicaciones de todo tipo, como tejados o terrenos desnivelados.<\/p>\n<h3>Software con alarmas configurables<\/h3>\n<p>El software muestra la fecha, hora y distancia de los rayos, y permite establecer alarmas visuales y sonoras para campos fuertes, campos muy fuertes y descargas el\u00e9ctricas individuales. Las alarmas para campos fuertes y muy fuertes se activan cuando la magnitud del campo el\u00e9ctrico sobrepasa un umbral preestablecido por el usuario, mientras que la alarma para descargas el\u00e9ctricas individuales se activa al detectar un cambio repentino en el campo el\u00e9ctrico.<\/p>\n<p>Los datos de las descargas el\u00e9ctricas son almacenados de forma permanente en el disco duro del ordenador, lo que permite volver a verlos a posteriori y conocer la tendencia de las tormentas. El software cuenta con actualizaciones peri\u00f3dicas gratuitas que mejoran, todav\u00eda m\u00e1s, sus prestaciones.<\/p>\n<h3>M\u00f3dulo de alarmas (opcional)<\/h3>\n<p>El m\u00f3dulo ERL-10 permite activar dispositivos externos en funci\u00f3n de las alarmas programadas en el EFM-100.<\/p>\n<h3>Versiones disponibles<\/h3>\n<p>EFM-100 est\u00e1 disponible con cable de 30, 45 o 60 metros. Todas las versiones permiten la conexi\u00f3n al ordenador mediante RS-232 o USB.<\/p>\n","protected":false},"excerpt":{"rendered":"<p>Se basa en la medici\u00f3n del campo el\u00e9ctrico est\u00e1tico generado por las nubes de tormenta para detectar los rayos cercanos y las condiciones atmosf\u00e9ricas que los preceden.<\/p>\n","protected":false},"featured_media":2705,"template":"","meta":[],"product_brand":[],"product_cat":[253],"product_tag":[],"class_list":{"0":"post-2036","1":"product","2":"type-product","3":"status-publish","4":"has-post-thumbnail","6":"product_cat-detectores-rayos","8":"first","9":"instock","10":"taxable","11":"shipping-taxable","12":"product-type-simple"},"yoast_head":"<!-- This site is optimized with the Yoast SEO plugin v27.4 - https:\/\/yoast.com\/product\/yoast-seo-wordpress\/ -->\n<title>Medidor de Campo El\u00e9ctrico Atmosf\u00e9rico EFM-100 | Darrera<\/title>\n<meta name=\"robots\" content=\"index, follow, max-snippet:-1, max-image-preview:large, max-video-preview:-1\" \/>\n<link rel=\"canonical\" href=\"https:\/\/www.darrera.com\/en\/producto\/9100-efm-100-atmospheric-electric-field-monitor\/\" \/>\n<meta property=\"og:locale\" content=\"es_ES\" \/>\n<meta property=\"og:type\" content=\"article\" \/>\n<meta property=\"og:title\" content=\"Medidor de Campo El\u00e9ctrico Atmosf\u00e9rico EFM-100 | Darrera\" \/>\n<meta property=\"og:description\" content=\"Se basa en la medici\u00f3n del campo el\u00e9ctrico est\u00e1tico generado por las nubes de tormenta para detectar los rayos cercanos y las condiciones atmosf\u00e9ricas que los preceden.\" \/>\n<meta property=\"og:url\" content=\"https:\/\/www.darrera.com\/en\/producto\/9100-efm-100-atmospheric-electric-field-monitor\/\" \/>\n<meta property=\"og:site_name\" content=\"Darrera\" \/>\n<meta property=\"article:publisher\" content=\"http:\/\/facebook.com\/darrerameteo\" \/>\n<meta property=\"article:modified_time\" content=\"2023-03-08T18:37:11+00:00\" \/>\n<meta property=\"og:image\" content=\"https:\/\/www.darrera.com\/wp-content\/uploads\/2018\/06\/9100-medidor-campo-electrico-atmosferico-efm-100.jpg\" \/>\n\t<meta property=\"og:image:width\" content=\"950\" \/>\n\t<meta property=\"og:image:height\" content=\"950\" \/>\n\t<meta property=\"og:image:type\" content=\"image\/jpeg\" \/>\n<meta name=\"twitter:card\" content=\"summary_large_image\" \/>\n<meta name=\"twitter:site\" content=\"@darrera_meteo\" \/>\n<meta name=\"twitter:label1\" content=\"Tiempo de lectura\" \/>\n\t<meta name=\"twitter:data1\" content=\"2 minutos\" \/>\n<script type=\"application\/ld+json\" class=\"yoast-schema-graph\">{\"@context\":\"https:\\\/\\\/schema.org\",\"@graph\":[{\"@type\":\"WebPage\",\"@id\":\"https:\\\/\\\/www.darrera.com\\\/en\\\/producto\\\/9100-efm-100-atmospheric-electric-field-monitor\\\/\",\"url\":\"https:\\\/\\\/www.darrera.com\\\/en\\\/producto\\\/9100-efm-100-atmospheric-electric-field-monitor\\\/\",\"name\":\"Medidor de Campo El\u00e9ctrico Atmosf\u00e9rico EFM-100 | Darrera\",\"isPartOf\":{\"@id\":\"https:\\\/\\\/www.darrera.com\\\/es\\\/#website\"},\"primaryImageOfPage\":{\"@id\":\"https:\\\/\\\/www.darrera.com\\\/en\\\/producto\\\/9100-efm-100-atmospheric-electric-field-monitor\\\/#primaryimage\"},\"image\":{\"@id\":\"https:\\\/\\\/www.darrera.com\\\/en\\\/producto\\\/9100-efm-100-atmospheric-electric-field-monitor\\\/#primaryimage\"},\"thumbnailUrl\":\"https:\\\/\\\/www.darrera.com\\\/wp-content\\\/uploads\\\/2018\\\/06\\\/9100-medidor-campo-electrico-atmosferico-efm-100.jpg\",\"datePublished\":\"2018-06-26T11:01:10+00:00\",\"dateModified\":\"2023-03-08T18:37:11+00:00\",\"breadcrumb\":{\"@id\":\"https:\\\/\\\/www.darrera.com\\\/en\\\/producto\\\/9100-efm-100-atmospheric-electric-field-monitor\\\/#breadcrumb\"},\"inLanguage\":\"es\",\"potentialAction\":[{\"@type\":\"ReadAction\",\"target\":[\"https:\\\/\\\/www.darrera.com\\\/en\\\/producto\\\/9100-efm-100-atmospheric-electric-field-monitor\\\/\"]}]},{\"@type\":\"ImageObject\",\"inLanguage\":\"es\",\"@id\":\"https:\\\/\\\/www.darrera.com\\\/en\\\/producto\\\/9100-efm-100-atmospheric-electric-field-monitor\\\/#primaryimage\",\"url\":\"https:\\\/\\\/www.darrera.com\\\/wp-content\\\/uploads\\\/2018\\\/06\\\/9100-medidor-campo-electrico-atmosferico-efm-100.jpg\",\"contentUrl\":\"https:\\\/\\\/www.darrera.com\\\/wp-content\\\/uploads\\\/2018\\\/06\\\/9100-medidor-campo-electrico-atmosferico-efm-100.jpg\",\"width\":950,\"height\":950,\"caption\":\"9100 - Medidor de Campo El\u00e9ctrico Atmosf\u00e9rico EFM-100\"},{\"@type\":\"BreadcrumbList\",\"@id\":\"https:\\\/\\\/www.darrera.com\\\/en\\\/producto\\\/9100-efm-100-atmospheric-electric-field-monitor\\\/#breadcrumb\",\"itemListElement\":[{\"@type\":\"ListItem\",\"position\":1,\"name\":\"Home\",\"item\":\"https:\\\/\\\/www.darrera.com\\\/es\\\/\"},{\"@type\":\"ListItem\",\"position\":2,\"name\":\"Productos\",\"item\":\"https:\\\/\\\/www.darrera.com\\\/es\\\/productos\\\/\"},{\"@type\":\"ListItem\",\"position\":3,\"name\":\"Medidor de Campo El\u00e9ctrico Atmosf\u00e9rico EFM-100\"}]},{\"@type\":\"WebSite\",\"@id\":\"https:\\\/\\\/www.darrera.com\\\/es\\\/#website\",\"url\":\"https:\\\/\\\/www.darrera.com\\\/es\\\/\",\"name\":\"Darrera\",\"description\":\"Instrumentos, soluciones y servicios meteorol\u00f3gicos\",\"publisher\":{\"@id\":\"https:\\\/\\\/www.darrera.com\\\/es\\\/#organization\"},\"potentialAction\":[{\"@type\":\"SearchAction\",\"target\":{\"@type\":\"EntryPoint\",\"urlTemplate\":\"https:\\\/\\\/www.darrera.com\\\/es\\\/?s={search_term_string}\"},\"query-input\":{\"@type\":\"PropertyValueSpecification\",\"valueRequired\":true,\"valueName\":\"search_term_string\"}}],\"inLanguage\":\"es\"},{\"@type\":\"Organization\",\"@id\":\"https:\\\/\\\/www.darrera.com\\\/es\\\/#organization\",\"name\":\"Darrera\",\"url\":\"https:\\\/\\\/www.darrera.com\\\/es\\\/\",\"logo\":{\"@type\":\"ImageObject\",\"inLanguage\":\"es\",\"@id\":\"https:\\\/\\\/www.darrera.com\\\/es\\\/#\\\/schema\\\/logo\\\/image\\\/\",\"url\":\"https:\\\/\\\/www.darrera.com\\\/wp\\\/wp-content\\\/uploads\\\/logo-darrera.png\",\"contentUrl\":\"https:\\\/\\\/www.darrera.com\\\/wp\\\/wp-content\\\/uploads\\\/logo-darrera.png\",\"width\":500,\"height\":85,\"caption\":\"Darrera\"},\"image\":{\"@id\":\"https:\\\/\\\/www.darrera.com\\\/es\\\/#\\\/schema\\\/logo\\\/image\\\/\"},\"sameAs\":[\"http:\\\/\\\/facebook.com\\\/darrerameteo\",\"https:\\\/\\\/x.com\\\/darrera_meteo\",\"https:\\\/\\\/www.linkedin.com\\\/company\\\/darrera-s-a-\",\"http:\\\/\\\/youtube.com\\\/darreratv\"]}]}<\/script>\n<!-- \/ Yoast SEO plugin. -->","yoast_head_json":{"title":"Medidor de Campo El\u00e9ctrico Atmosf\u00e9rico EFM-100 | Darrera","robots":{"index":"index","follow":"follow","max-snippet":"max-snippet:-1","max-image-preview":"max-image-preview:large","max-video-preview":"max-video-preview:-1"},"canonical":"https:\/\/www.darrera.com\/en\/producto\/9100-efm-100-atmospheric-electric-field-monitor\/","og_locale":"es_ES","og_type":"article","og_title":"Medidor de Campo El\u00e9ctrico Atmosf\u00e9rico EFM-100 | Darrera","og_description":"Se basa en la medici\u00f3n del campo el\u00e9ctrico est\u00e1tico generado por las nubes de tormenta para detectar los rayos cercanos y las condiciones atmosf\u00e9ricas que los preceden.","og_url":"https:\/\/www.darrera.com\/en\/producto\/9100-efm-100-atmospheric-electric-field-monitor\/","og_site_name":"Darrera","article_publisher":"http:\/\/facebook.com\/darrerameteo","article_modified_time":"2023-03-08T18:37:11+00:00","og_image":[{"width":950,"height":950,"url":"https:\/\/www.darrera.com\/wp-content\/uploads\/2018\/06\/9100-medidor-campo-electrico-atmosferico-efm-100.jpg","type":"image\/jpeg"}],"twitter_card":"summary_large_image","twitter_site":"@darrera_meteo","twitter_misc":{"Tiempo de lectura":"2 minutos"},"schema":{"@context":"https:\/\/schema.org","@graph":[{"@type":"WebPage","@id":"https:\/\/www.darrera.com\/en\/producto\/9100-efm-100-atmospheric-electric-field-monitor\/","url":"https:\/\/www.darrera.com\/en\/producto\/9100-efm-100-atmospheric-electric-field-monitor\/","name":"Medidor de Campo El\u00e9ctrico Atmosf\u00e9rico EFM-100 | Darrera","isPartOf":{"@id":"https:\/\/www.darrera.com\/es\/#website"},"primaryImageOfPage":{"@id":"https:\/\/www.darrera.com\/en\/producto\/9100-efm-100-atmospheric-electric-field-monitor\/#primaryimage"},"image":{"@id":"https:\/\/www.darrera.com\/en\/producto\/9100-efm-100-atmospheric-electric-field-monitor\/#primaryimage"},"thumbnailUrl":"https:\/\/www.darrera.com\/wp-content\/uploads\/2018\/06\/9100-medidor-campo-electrico-atmosferico-efm-100.jpg","datePublished":"2018-06-26T11:01:10+00:00","dateModified":"2023-03-08T18:37:11+00:00","breadcrumb":{"@id":"https:\/\/www.darrera.com\/en\/producto\/9100-efm-100-atmospheric-electric-field-monitor\/#breadcrumb"},"inLanguage":"es","potentialAction":[{"@type":"ReadAction","target":["https:\/\/www.darrera.com\/en\/producto\/9100-efm-100-atmospheric-electric-field-monitor\/"]}]},{"@type":"ImageObject","inLanguage":"es","@id":"https:\/\/www.darrera.com\/en\/producto\/9100-efm-100-atmospheric-electric-field-monitor\/#primaryimage","url":"https:\/\/www.darrera.com\/wp-content\/uploads\/2018\/06\/9100-medidor-campo-electrico-atmosferico-efm-100.jpg","contentUrl":"https:\/\/www.darrera.com\/wp-content\/uploads\/2018\/06\/9100-medidor-campo-electrico-atmosferico-efm-100.jpg","width":950,"height":950,"caption":"9100 - Medidor de Campo El\u00e9ctrico Atmosf\u00e9rico EFM-100"},{"@type":"BreadcrumbList","@id":"https:\/\/www.darrera.com\/en\/producto\/9100-efm-100-atmospheric-electric-field-monitor\/#breadcrumb","itemListElement":[{"@type":"ListItem","position":1,"name":"Home","item":"https:\/\/www.darrera.com\/es\/"},{"@type":"ListItem","position":2,"name":"Productos","item":"https:\/\/www.darrera.com\/es\/productos\/"},{"@type":"ListItem","position":3,"name":"Medidor de Campo El\u00e9ctrico Atmosf\u00e9rico EFM-100"}]},{"@type":"WebSite","@id":"https:\/\/www.darrera.com\/es\/#website","url":"https:\/\/www.darrera.com\/es\/","name":"Darrera","description":"Instrumentos, soluciones y servicios meteorol\u00f3gicos","publisher":{"@id":"https:\/\/www.darrera.com\/es\/#organization"},"potentialAction":[{"@type":"SearchAction","target":{"@type":"EntryPoint","urlTemplate":"https:\/\/www.darrera.com\/es\/?s={search_term_string}"},"query-input":{"@type":"PropertyValueSpecification","valueRequired":true,"valueName":"search_term_string"}}],"inLanguage":"es"},{"@type":"Organization","@id":"https:\/\/www.darrera.com\/es\/#organization","name":"Darrera","url":"https:\/\/www.darrera.com\/es\/","logo":{"@type":"ImageObject","inLanguage":"es","@id":"https:\/\/www.darrera.com\/es\/#\/schema\/logo\/image\/","url":"https:\/\/www.darrera.com\/wp\/wp-content\/uploads\/logo-darrera.png","contentUrl":"https:\/\/www.darrera.com\/wp\/wp-content\/uploads\/logo-darrera.png","width":500,"height":85,"caption":"Darrera"},"image":{"@id":"https:\/\/www.darrera.com\/es\/#\/schema\/logo\/image\/"},"sameAs":["http:\/\/facebook.com\/darrerameteo","https:\/\/x.com\/darrera_meteo","https:\/\/www.linkedin.com\/company\/darrera-s-a-","http:\/\/youtube.com\/darreratv"]}]}},"_links":{"self":[{"href":"https:\/\/www.darrera.com\/es\/wp-json\/wp\/v2\/product\/2036","targetHints":{"allow":["GET"]}}],"collection":[{"href":"https:\/\/www.darrera.com\/es\/wp-json\/wp\/v2\/product"}],"about":[{"href":"https:\/\/www.darrera.com\/es\/wp-json\/wp\/v2\/types\/product"}],"wp:featuredmedia":[{"embeddable":true,"href":"https:\/\/www.darrera.com\/es\/wp-json\/wp\/v2\/media\/2705"}],"wp:attachment":[{"href":"https:\/\/www.darrera.com\/es\/wp-json\/wp\/v2\/media?parent=2036"}],"wp:term":[{"taxonomy":"product_brand","embeddable":true,"href":"https:\/\/www.darrera.com\/es\/wp-json\/wp\/v2\/product_brand?post=2036"},{"taxonomy":"product_cat","embeddable":true,"href":"https:\/\/www.darrera.com\/es\/wp-json\/wp\/v2\/product_cat?post=2036"},{"taxonomy":"product_tag","embeddable":true,"href":"https:\/\/www.darrera.com\/es\/wp-json\/wp\/v2\/product_tag?post=2036"}],"curies":[{"name":"wp","href":"https:\/\/api.w.org\/{rel}","templated":true}]}}